{"id":1189,"date":"2019-09-07T14:11:01","date_gmt":"2019-09-07T12:11:01","guid":{"rendered":"https:\/\/fundacjawilkonia.pl\/?page_id=1189"},"modified":"2020-09-20T00:44:18","modified_gmt":"2020-09-19T22:44:18","slug":"festiwal-pieknej-ksiazki-piaseczno-ludzie-ksiazki","status":"publish","type":"page","link":"https:\/\/fundacjawilkonia.pl\/index.php\/festiwal-pieknej-ksiazki-piaseczno-ludzie-ksiazki\/","title":{"rendered":"Festiwal Pi\u0119knej Ksi\u0105\u017cki &#8211; Piaseczno Ludzie Ksi\u0105\u017cki"},"content":{"rendered":"\n<figure class=\"wp-block-gallery aligncenter columns-1 is-cropped\"><ul class=\"blocks-gallery-grid\"><li class=\"blocks-gallery-item\"><figure><img loading=\"lazy\" width=\"600\" height=\"700\" src=\"https:\/\/fundacjawilkonia.pl\/wp-content\/uploads\/2020\/09\/baner600x700.jpg\" alt=\"\" data-id=\"1521\" class=\"wp-image-1521\" srcset=\"https:\/\/fundacjawilkonia.pl\/wp-content\/uploads\/2020\/09\/baner600x700.jpg 600w, https:\/\/fundacjawilkonia.pl\/wp-content\/uploads\/2020\/09\/baner600x700-257x300.jpg 257w, https:\/\/fundacjawilkonia.pl\/wp-content\/uploads\/2020\/09\/baner600x700-480x560.jpg 480w\" sizes=\"(max-width: 600px) 100vw, 600px\" \/><\/figure><\/li><\/ul><\/figure>\n\n\n<p style=\"text-align: center;\">Festiwal Pi\u0119knej Ksi\u0105\u017cki \u201ePiaseczno &#8211; Ludzie &#8211; Ksi\u0105\u017cki\u201d odbywa si\u0119 co roku od 2016 roku w po\u0142owie wrze\u015bnia.<\/p>\n<p style=\"text-align: center;\">Ma on na celu zwi\u0119kszenie obecno\u015bci ksi\u0105\u017cki w \u017cyciu spo\u0142ecze\u0144stwa gminy Piaseczno, powiatu oraz Mazowsza. Chcemy to osi\u0105gn\u0105\u0107 promuj\u0105c ksi\u0105\u017ck\u0119 artystyczna, na kt\u00f3rej warto\u015b\u0107 sk\u0142ada si\u0119 tekst, ilustracja, typografia, poziom edycji. Takie publikacje s\u0105 medium upowszechniaj\u0105cym kultur\u0119 na wielu p\u0142aszczyznach, w obr\u0119bie kt\u00f3rego wspieraj\u0105 si\u0119 wzajemnie jej r\u00f3\u017cne dziedziny. Poprzez literatur\u0119 trafia do odbiorcy sztuka plastyczna, a artystyczna forma odpowiadaj\u0105ca wsp\u00f3\u0142czesnej wra\u017cliwo\u015bci propaguje dorobek literacki zw\u0142aszcza w\u015br\u00f3d obecnych pokole\u0144. Wa\u017cnym elementem Festiwalu jest poszukiwanie i popularyzacja ksi\u0105\u017ckowych dokona\u0144 powi\u0105zanych z Piasecznem. Naszym staraniem ukaza\u0142y si\u0119 dwie publikacje oraz powsta\u0142a strona internetowa pod wsp\u00f3lnym tytu\u0142em \u201eLiteracka Mapa Piaseczna\u201d. Zaprezentowali\u015bmy w ten spos\u00f3b kilkadziesi\u0105t postaci pisarzy i ludzi ksi\u0105\u017cki zwi\u0105zanych poprzez swoje \u017cycie i tw\u00f3rczo\u015b\u0107 z tym miejscem.<\/p>\n<p style=\"text-align: center;\">Tegoroczny Festiwal odb\u0119dzie si\u0119 online, wi\u0119cej informacji dost\u0119pnych <a href=\"https:\/\/fundacjawilkonia.pl\/index.php\/2020\/09\/19\/festiwal-pieknej-ksiazki-2020\/\">tutaj.<\/a><\/p>\n<p style=\"text-align: center;\">V Festiwal Pi\u0119knej Ksi\u0105\u017cki 2020 dost\u0119pny online:<\/p>\n<ul>\n<li><a href=\"https:\/\/www.facebook.com\/events\/341991523625544\/\"><span data-rich-text-format-boundary=\"true\">facebook<\/span><\/a><\/li>\n<li><a href=\"http:\/\/youtube.com\/channel\/UC-UXLZ7wHpon6MiMmezSB4A\">youtube<\/a> Biblioteki Publicznej w Piasecznie<\/li>\n<li><a href=\"https:\/\/biblioteka-piaseczno.pl\/nasze-projekty\/festiwal-pieknej-ksiazki\/\">strona<\/a> Biblioteki Publicznej w Piasecznie<\/li>\n<li><a href=\"http:\/\/www.fundacjawilkonia.pl\">strona<\/a> fundacji ARKA im. J\u00f3zefa Wilkonia<\/li>\n<\/ul>\n<p>Pomys\u0142odawca projektu<br \/>Blanka Wyszy\u0144ska Walczak<br \/>Prezes zarz\u0105du<br \/>Fundacja ARKA im. J\u00f3zefa Wilkonia<\/p>","protected":false},"excerpt":{"rendered":"<p>Festiwal Pi\u0119knej Ksi\u0105\u017cki \u201ePiaseczno &#8211; Ludzie &#8211; Ksi\u0105\u017cki\u201d odbywa si\u0119 co roku od 2016 roku w po\u0142owie wrze\u015bnia. Ma on [&hellip;]<\/p>\n","protected":false},"author":2,"featured_media":0,"parent":0,"menu_order":0,"comment_status":"closed","ping_status":"closed","template":"","meta":[],"yoast_head":"<!-- This site is optimized with the Yoast SEO plugin v19.4 - https:\/\/yoast.com\/wordpress\/plugins\/seo\/ -->\n<title>Festiwal Pi\u0119knej Ksi\u0105\u017cki - Piaseczno Ludzie Ksi\u0105\u017cki - Fundacja \u201eArka\u201d im. J\u00f3zefa Wilkonia<\/title>\n<meta name=\"robots\" content=\"index, follow, max-snippet:-1, max-image-preview:large, max-video-preview:-1\" \/>\n<link rel=\"canonical\" href=\"https:\/\/fundacjawilkonia.pl\/index.php\/festiwal-pieknej-ksiazki-piaseczno-ludzie-ksiazki\/\" \/>\n<meta property=\"og:locale\" content=\"pl_PL\" \/>\n<meta property=\"og:type\" content=\"article\" \/>\n<meta property=\"og:title\" content=\"Festiwal Pi\u0119knej Ksi\u0105\u017cki - Piaseczno Ludzie Ksi\u0105\u017cki - Fundacja \u201eArka\u201d im. J\u00f3zefa Wilkonia\" \/>\n<meta property=\"og:description\" content=\"Festiwal Pi\u0119knej Ksi\u0105\u017cki \u201ePiaseczno &#8211; Ludzie &#8211; Ksi\u0105\u017cki\u201d odbywa si\u0119 co roku od 2016 roku w po\u0142owie wrze\u015bnia. Ma on [&hellip;]\" \/>\n<meta property=\"og:url\" content=\"https:\/\/fundacjawilkonia.pl\/index.php\/festiwal-pieknej-ksiazki-piaseczno-ludzie-ksiazki\/\" \/>\n<meta property=\"og:site_name\" content=\"Fundacja \u201eArka\u201d im. J\u00f3zefa Wilkonia\" \/>\n<meta property=\"article:publisher\" content=\"https:\/\/www.facebook.com\/Fundacja-Wilkonia-221788084540934\/\" \/>\n<meta property=\"article:modified_time\" content=\"2020-09-19T22:44:18+00:00\" \/>\n<meta property=\"og:image\" content=\"https:\/\/fundacjawilkonia.pl\/wp-content\/uploads\/2020\/09\/baner600x700.jpg\" \/>\n<meta name=\"twitter:card\" content=\"summary_large_image\" \/>\n<meta name=\"twitter:site\" content=\"@fundacjawilkoni\" \/>\n<meta name=\"twitter:label1\" content=\"Szacowany czas czytania\" \/>\n\t<meta name=\"twitter:data1\" content=\"1 minuta\" \/>\n<script type=\"application\/ld+json\" class=\"yoast-schema-graph\">{\"@context\":\"https:\/\/schema.org\",\"@graph\":[{\"@type\":\"Organization\",\"@id\":\"https:\/\/fundacjawilkonia.pl\/#organization\",\"name\":\"Fundacja \\\"Arka\\\" im. J\u00f3zefa Wilkonia\",\"url\":\"https:\/\/fundacjawilkonia.pl\/\",\"sameAs\":[\"https:\/\/www.instagram.com\/fundacjawilkonia\/?hl=pl\",\"https:\/\/www.facebook.com\/Fundacja-Wilkonia-221788084540934\/\",\"https:\/\/twitter.com\/fundacjawilkoni\"],\"logo\":{\"@type\":\"ImageObject\",\"inLanguage\":\"pl-PL\",\"@id\":\"https:\/\/fundacjawilkonia.pl\/#\/schema\/logo\/image\/\",\"url\":\"https:\/\/i2.wp.com\/fundacjawilkonia.pl\/wp-content\/uploads\/2016\/09\/10987396_771520442901026_1174624827528049836_n.png?fit=790%2C593&ssl=1\",\"contentUrl\":\"https:\/\/i2.wp.com\/fundacjawilkonia.pl\/wp-content\/uploads\/2016\/09\/10987396_771520442901026_1174624827528049836_n.png?fit=790%2C593&ssl=1\",\"width\":790,\"height\":593,\"caption\":\"Fundacja \\\"Arka\\\" im. J\u00f3zefa Wilkonia\"},\"image\":{\"@id\":\"https:\/\/fundacjawilkonia.pl\/#\/schema\/logo\/image\/\"}},{\"@type\":\"WebSite\",\"@id\":\"https:\/\/fundacjawilkonia.pl\/#website\",\"url\":\"https:\/\/fundacjawilkonia.pl\/\",\"name\":\"Fundacja \u201eArka\u201d im. J\u00f3zefa Wilkonia\",\"description\":\"G\u0142\u00f3wnym celem fundacji jest ochrona i promocja dorobku artystycznego J\u00f3zefa Wilkonia i og\u00f3lnych warto\u015bci zwi\u0105zanych ze sztukami pi\u0119knymi, a w szczeg\u00f3lno\u015bci ilustratorstwem i sztuk\u0105 edytorsk\u0105.\",\"publisher\":{\"@id\":\"https:\/\/fundacjawilkonia.pl\/#organization\"},\"potentialAction\":[{\"@type\":\"SearchAction\",\"target\":{\"@type\":\"EntryPoint\",\"urlTemplate\":\"https:\/\/fundacjawilkonia.pl\/?s={search_term_string}\"},\"query-input\":\"required name=search_term_string\"}],\"inLanguage\":\"pl-PL\"},{\"@type\":\"WebPage\",\"@id\":\"https:\/\/fundacjawilkonia.pl\/index.php\/festiwal-pieknej-ksiazki-piaseczno-ludzie-ksiazki\/\",\"url\":\"https:\/\/fundacjawilkonia.pl\/index.php\/festiwal-pieknej-ksiazki-piaseczno-ludzie-ksiazki\/\",\"name\":\"Festiwal Pi\u0119knej Ksi\u0105\u017cki - Piaseczno Ludzie Ksi\u0105\u017cki - Fundacja \u201eArka\u201d im. J\u00f3zefa Wilkonia\",\"isPartOf\":{\"@id\":\"https:\/\/fundacjawilkonia.pl\/#website\"},\"datePublished\":\"2019-09-07T12:11:01+00:00\",\"dateModified\":\"2020-09-19T22:44:18+00:00\",\"breadcrumb\":{\"@id\":\"https:\/\/fundacjawilkonia.pl\/index.php\/festiwal-pieknej-ksiazki-piaseczno-ludzie-ksiazki\/#breadcrumb\"},\"inLanguage\":\"pl-PL\",\"potentialAction\":[{\"@type\":\"ReadAction\",\"target\":[\"https:\/\/fundacjawilkonia.pl\/index.php\/festiwal-pieknej-ksiazki-piaseczno-ludzie-ksiazki\/\"]}]},{\"@type\":\"BreadcrumbList\",\"@id\":\"https:\/\/fundacjawilkonia.pl\/index.php\/festiwal-pieknej-ksiazki-piaseczno-ludzie-ksiazki\/#breadcrumb\",\"itemListElement\":[{\"@type\":\"ListItem\",\"position\":1,\"name\":\"Strona g\u0142\u00f3wna\",\"item\":\"https:\/\/fundacjawilkonia.pl\/\"},{\"@type\":\"ListItem\",\"position\":2,\"name\":\"Festiwal Pi\u0119knej Ksi\u0105\u017cki &#8211; Piaseczno Ludzie Ksi\u0105\u017cki\"}]}]}<\/script>\n<!-- \/ Yoast SEO plugin. -->","yoast_head_json":{"title":"Festiwal Pi\u0119knej Ksi\u0105\u017cki - Piaseczno Ludzie Ksi\u0105\u017cki - Fundacja \u201eArka\u201d im. J\u00f3zefa Wilkonia","robots":{"index":"index","follow":"follow","max-snippet":"max-snippet:-1","max-image-preview":"max-image-preview:large","max-video-preview":"max-video-preview:-1"},"canonical":"https:\/\/fundacjawilkonia.pl\/index.php\/festiwal-pieknej-ksiazki-piaseczno-ludzie-ksiazki\/","og_locale":"pl_PL","og_type":"article","og_title":"Festiwal Pi\u0119knej Ksi\u0105\u017cki - Piaseczno Ludzie Ksi\u0105\u017cki - Fundacja \u201eArka\u201d im. J\u00f3zefa Wilkonia","og_description":"Festiwal Pi\u0119knej Ksi\u0105\u017cki \u201ePiaseczno &#8211; Ludzie &#8211; Ksi\u0105\u017cki\u201d odbywa si\u0119 co roku od 2016 roku w po\u0142owie wrze\u015bnia. Ma on [&hellip;]","og_url":"https:\/\/fundacjawilkonia.pl\/index.php\/festiwal-pieknej-ksiazki-piaseczno-ludzie-ksiazki\/","og_site_name":"Fundacja \u201eArka\u201d im. J\u00f3zefa Wilkonia","article_publisher":"https:\/\/www.facebook.com\/Fundacja-Wilkonia-221788084540934\/","article_modified_time":"2020-09-19T22:44:18+00:00","og_image":[{"url":"https:\/\/fundacjawilkonia.pl\/wp-content\/uploads\/2020\/09\/baner600x700.jpg"}],"twitter_card":"summary_large_image","twitter_site":"@fundacjawilkoni","twitter_misc":{"Szacowany czas czytania":"1 minuta"},"schema":{"@context":"https:\/\/schema.org","@graph":[{"@type":"Organization","@id":"https:\/\/fundacjawilkonia.pl\/#organization","name":"Fundacja \"Arka\" im. J\u00f3zefa Wilkonia","url":"https:\/\/fundacjawilkonia.pl\/","sameAs":["https:\/\/www.instagram.com\/fundacjawilkonia\/?hl=pl","https:\/\/www.facebook.com\/Fundacja-Wilkonia-221788084540934\/","https:\/\/twitter.com\/fundacjawilkoni"],"logo":{"@type":"ImageObject","inLanguage":"pl-PL","@id":"https:\/\/fundacjawilkonia.pl\/#\/schema\/logo\/image\/","url":"https:\/\/i2.wp.com\/fundacjawilkonia.pl\/wp-content\/uploads\/2016\/09\/10987396_771520442901026_1174624827528049836_n.png?fit=790%2C593&ssl=1","contentUrl":"https:\/\/i2.wp.com\/fundacjawilkonia.pl\/wp-content\/uploads\/2016\/09\/10987396_771520442901026_1174624827528049836_n.png?fit=790%2C593&ssl=1","width":790,"height":593,"caption":"Fundacja \"Arka\" im. J\u00f3zefa Wilkonia"},"image":{"@id":"https:\/\/fundacjawilkonia.pl\/#\/schema\/logo\/image\/"}},{"@type":"WebSite","@id":"https:\/\/fundacjawilkonia.pl\/#website","url":"https:\/\/fundacjawilkonia.pl\/","name":"Fundacja \u201eArka\u201d im. J\u00f3zefa Wilkonia","description":"G\u0142\u00f3wnym celem fundacji jest ochrona i promocja dorobku artystycznego J\u00f3zefa Wilkonia i og\u00f3lnych warto\u015bci zwi\u0105zanych ze sztukami pi\u0119knymi, a w szczeg\u00f3lno\u015bci ilustratorstwem i sztuk\u0105 edytorsk\u0105.","publisher":{"@id":"https:\/\/fundacjawilkonia.pl\/#organization"},"potentialAction":[{"@type":"SearchAction","target":{"@type":"EntryPoint","urlTemplate":"https:\/\/fundacjawilkonia.pl\/?s={search_term_string}"},"query-input":"required name=search_term_string"}],"inLanguage":"pl-PL"},{"@type":"WebPage","@id":"https:\/\/fundacjawilkonia.pl\/index.php\/festiwal-pieknej-ksiazki-piaseczno-ludzie-ksiazki\/","url":"https:\/\/fundacjawilkonia.pl\/index.php\/festiwal-pieknej-ksiazki-piaseczno-ludzie-ksiazki\/","name":"Festiwal Pi\u0119knej Ksi\u0105\u017cki - Piaseczno Ludzie Ksi\u0105\u017cki - Fundacja \u201eArka\u201d im. J\u00f3zefa Wilkonia","isPartOf":{"@id":"https:\/\/fundacjawilkonia.pl\/#website"},"datePublished":"2019-09-07T12:11:01+00:00","dateModified":"2020-09-19T22:44:18+00:00","breadcrumb":{"@id":"https:\/\/fundacjawilkonia.pl\/index.php\/festiwal-pieknej-ksiazki-piaseczno-ludzie-ksiazki\/#breadcrumb"},"inLanguage":"pl-PL","potentialAction":[{"@type":"ReadAction","target":["https:\/\/fundacjawilkonia.pl\/index.php\/festiwal-pieknej-ksiazki-piaseczno-ludzie-ksiazki\/"]}]},{"@type":"BreadcrumbList","@id":"https:\/\/fundacjawilkonia.pl\/index.php\/festiwal-pieknej-ksiazki-piaseczno-ludzie-ksiazki\/#breadcrumb","itemListElement":[{"@type":"ListItem","position":1,"name":"Strona g\u0142\u00f3wna","item":"https:\/\/fundacjawilkonia.pl\/"},{"@type":"ListItem","position":2,"name":"Festiwal Pi\u0119knej Ksi\u0105\u017cki &#8211; Piaseczno Ludzie Ksi\u0105\u017cki"}]}]}},"_links":{"self":[{"href":"https:\/\/fundacjawilkonia.pl\/index.php\/wp-json\/wp\/v2\/pages\/1189"}],"collection":[{"href":"https:\/\/fundacjawilkonia.pl\/index.php\/wp-json\/wp\/v2\/pages"}],"about":[{"href":"https:\/\/fundacjawilkonia.pl\/index.php\/wp-json\/wp\/v2\/types\/page"}],"author":[{"embeddable":true,"href":"https:\/\/fundacjawilkonia.pl\/index.php\/wp-json\/wp\/v2\/users\/2"}],"replies":[{"embeddable":true,"href":"https:\/\/fundacjawilkonia.pl\/index.php\/wp-json\/wp\/v2\/comments?post=1189"}],"version-history":[{"count":0,"href":"https:\/\/fundacjawilkonia.pl\/index.php\/wp-json\/wp\/v2\/pages\/1189\/revisions"}],"wp:attachment":[{"href":"https:\/\/fundacjawilkonia.pl\/index.php\/wp-json\/wp\/v2\/media?parent=1189"}],"curies":[{"name":"wp","href":"https:\/\/api.w.org\/{rel}","templated":true}]}}