{"id":134,"date":"2016-09-08T21:36:44","date_gmt":"2016-09-08T19:36:44","guid":{"rendered":"http:\/\/fundacjawilkonia.pl\/?page_id=134"},"modified":"2017-02-11T13:58:23","modified_gmt":"2017-02-11T12:58:23","slug":"literacka-mapa-piaseczna","status":"publish","type":"page","link":"https:\/\/fundacjawilkonia.pl\/index.php\/literacka-mapa-piaseczna\/","title":{"rendered":"Literacka Mapa Piaseczna"},"content":{"rendered":"<p><div id='gallery-1' class='gallery galleryid-134 gallery-columns-3 gallery-size-thumbnail'><figure class='gallery-item'>\n\t\t\t<div class='gallery-icon landscape'>\n\t\t\t\t<a href='https:\/\/fundacjawilkonia.pl\/index.php\/2016\/09\/23\/literacka-mapa-piaseczna-i-festiwal-pieknej-ksiazki\/festiwal-piaseczno-ludzie-ksiazki-17-09-foto-arch-fundacji-arka-foto-a-kiljanekzm1\/'><img width=\"150\" height=\"150\" src=\"https:\/\/fundacjawilkonia.pl\/wp-content\/uploads\/2016\/09\/Festiwal-Piaseczno-Ludzie-Ksi\u0105zki-17.09-foto-Arch-Fundacji-ARKA-foto-A.Kiljanekzm1-150x150.jpg\" class=\"attachment-thumbnail size-thumbnail\" alt=\"\" loading=\"lazy\" srcset=\"https:\/\/fundacjawilkonia.pl\/wp-content\/uploads\/2016\/09\/Festiwal-Piaseczno-Ludzie-Ksi\u0105zki-17.09-foto-Arch-Fundacji-ARKA-foto-A.Kiljanekzm1-150x150.jpg 150w, https:\/\/fundacjawilkonia.pl\/wp-content\/uploads\/2016\/09\/Festiwal-Piaseczno-Ludzie-Ksi\u0105zki-17.09-foto-Arch-Fundacji-ARKA-foto-A.Kiljanekzm1-600x600.jpg 600w\" sizes=\"(max-width: 150px) 100vw, 150px\" \/><\/a>\n\t\t\t<\/div><\/figure><figure class='gallery-item'>\n\t\t\t<div class='gallery-icon landscape'>\n\t\t\t\t<a href='https:\/\/fundacjawilkonia.pl\/index.php\/2016\/09\/23\/literacka-mapa-piaseczna-i-festiwal-pieknej-ksiazki\/festiwal-piaseczno-ludzie-ksiazki-17-09-foto-a-kiljanekarch-fundacji-arkazm-2\/'><img width=\"150\" height=\"150\" src=\"https:\/\/fundacjawilkonia.pl\/wp-content\/uploads\/2016\/09\/Festiwal-Piaseczno-Ludzie-Ksi\u0105zki-17.09-foto-A.KiljanekArch-Fundacji-ARKAzm-1-150x150.jpg\" class=\"attachment-thumbnail size-thumbnail\" alt=\"\" loading=\"lazy\" srcset=\"https:\/\/fundacjawilkonia.pl\/wp-content\/uploads\/2016\/09\/Festiwal-Piaseczno-Ludzie-Ksi\u0105zki-17.09-foto-A.KiljanekArch-Fundacji-ARKAzm-1-150x150.jpg 150w, https:\/\/fundacjawilkonia.pl\/wp-content\/uploads\/2016\/09\/Festiwal-Piaseczno-Ludzie-Ksi\u0105zki-17.09-foto-A.KiljanekArch-Fundacji-ARKAzm-1-600x600.jpg 600w\" sizes=\"(max-width: 150px) 100vw, 150px\" \/><\/a>\n\t\t\t<\/div><\/figure><figure class='gallery-item'>\n\t\t\t<div class='gallery-icon landscape'>\n\t\t\t\t<a href='https:\/\/fundacjawilkonia.pl\/index.php\/2016\/09\/23\/literacka-mapa-piaseczna-i-festiwal-pieknej-ksiazki\/festiwal-piaseczno-ludzie-ksiazki-17-09-foto-arch-fundacji-arka-foto-a-kiljanekzm1zmni\/'><img width=\"150\" height=\"150\" src=\"https:\/\/fundacjawilkonia.pl\/wp-content\/uploads\/2016\/09\/Festiwal-Piaseczno-Ludzie-Ksi\u0105zki-17.09-foto-Arch-Fundacji-ARKA-foto-A.Kiljanekzm1zmni-150x150.jpg\" class=\"attachment-thumbnail size-thumbnail\" alt=\"\" loading=\"lazy\" srcset=\"https:\/\/fundacjawilkonia.pl\/wp-content\/uploads\/2016\/09\/Festiwal-Piaseczno-Ludzie-Ksi\u0105zki-17.09-foto-Arch-Fundacji-ARKA-foto-A.Kiljanekzm1zmni-150x150.jpg 150w, https:\/\/fundacjawilkonia.pl\/wp-content\/uploads\/2016\/09\/Festiwal-Piaseczno-Ludzie-Ksi\u0105zki-17.09-foto-Arch-Fundacji-ARKA-foto-A.Kiljanekzm1zmni-600x600.jpg 600w\" sizes=\"(max-width: 150px) 100vw, 150px\" \/><\/a>\n\t\t\t<\/div><\/figure><figure class='gallery-item'>\n\t\t\t<div class='gallery-icon portrait'>\n\t\t\t\t<a href='https:\/\/fundacjawilkonia.pl\/index.php\/2016\/09\/23\/literacka-mapa-piaseczna-i-festiwal-pieknej-ksiazki\/festiwal-piaseczno-ludzie-ksiazki-17-09-foto-arch-fundacji-arka-foto-a-kiljanekzm1zmn\/'><img width=\"150\" height=\"150\" src=\"https:\/\/fundacjawilkonia.pl\/wp-content\/uploads\/2016\/09\/Festiwal-Piaseczno-Ludzie-Ksi\u0105zki-17.09-foto-Arch-Fundacji-ARKA-foto-A.Kiljanekzm1zmn-150x150.jpg\" class=\"attachment-thumbnail size-thumbnail\" alt=\"\" loading=\"lazy\" srcset=\"https:\/\/fundacjawilkonia.pl\/wp-content\/uploads\/2016\/09\/Festiwal-Piaseczno-Ludzie-Ksi\u0105zki-17.09-foto-Arch-Fundacji-ARKA-foto-A.Kiljanekzm1zmn-150x150.jpg 150w, https:\/\/fundacjawilkonia.pl\/wp-content\/uploads\/2016\/09\/Festiwal-Piaseczno-Ludzie-Ksi\u0105zki-17.09-foto-Arch-Fundacji-ARKA-foto-A.Kiljanekzm1zmn-600x600.jpg 600w\" sizes=\"(max-width: 150px) 100vw, 150px\" \/><\/a>\n\t\t\t<\/div><\/figure><figure class='gallery-item'>\n\t\t\t<div class='gallery-icon landscape'>\n\t\t\t\t<a href='https:\/\/fundacjawilkonia.pl\/index.php\/2016\/09\/23\/literacka-mapa-piaseczna-i-festiwal-pieknej-ksiazki\/festiwal-piaseczno-ludzie-ksiazki-17-09-foto-arch-fundacji-arka-foto-a-kiljanekzm\/'><img width=\"150\" height=\"150\" src=\"https:\/\/fundacjawilkonia.pl\/wp-content\/uploads\/2016\/09\/Festiwal-Piaseczno-Ludzie-Ksi\u0105zki-17.09-foto-Arch-Fundacji-ARKA-foto-A.Kiljanekzm-150x150.jpg\" class=\"attachment-thumbnail size-thumbnail\" alt=\"\" loading=\"lazy\" srcset=\"https:\/\/fundacjawilkonia.pl\/wp-content\/uploads\/2016\/09\/Festiwal-Piaseczno-Ludzie-Ksi\u0105zki-17.09-foto-Arch-Fundacji-ARKA-foto-A.Kiljanekzm-150x150.jpg 150w, https:\/\/fundacjawilkonia.pl\/wp-content\/uploads\/2016\/09\/Festiwal-Piaseczno-Ludzie-Ksi\u0105zki-17.09-foto-Arch-Fundacji-ARKA-foto-A.Kiljanekzm-600x600.jpg 600w\" sizes=\"(max-width: 150px) 100vw, 150px\" \/><\/a>\n\t\t\t<\/div><\/figure><figure class='gallery-item'>\n\t\t\t<div class='gallery-icon portrait'>\n\t\t\t\t<a href='https:\/\/fundacjawilkonia.pl\/index.php\/2016\/09\/23\/literacka-mapa-piaseczna-i-festiwal-pieknej-ksiazki\/festiwal-piaseczno-ludzie-ksiazki-17-09-fota-kiljanek-arch-fundacji-arkazm\/'><img width=\"150\" height=\"150\" src=\"https:\/\/fundacjawilkonia.pl\/wp-content\/uploads\/2016\/09\/Festiwal-Piaseczno-Ludzie-Ksi\u0105zki-17.09-fotA.Kiljanek-Arch-Fundacji-ARKAzm-150x150.jpg\" class=\"attachment-thumbnail size-thumbnail\" alt=\"\" loading=\"lazy\" aria-describedby=\"gallery-1-138\" \/><\/a>\n\t\t\t<\/div>\n\t\t\t\t<figcaption class='wp-caption-text gallery-caption' id='gallery-1-138'>\n\t\t\t\tLiteracka Mapa Piaseczna projekt\n\t\t\t\t<\/figcaption><\/figure>\n\t\t<\/div>\n<br \/>\nLiteracka mapa Piaseczna\u201d to projekt realizowany przez Fundacj\u0119 ARKA im. J\u00f3zefa Wilkonia oraz Bibliotek\u0119 Publiczn\u0105 Miasta i Gminy Piaseczno dofinansowany ze \u015brodk\u00f3w Ministra Kultury i Dziedzictwa Narodowego.<br \/>\nCelem projektu jest integracja spo\u0142eczno\u015bci Piaseczna oraz zapoznanie jej z literack\u0105 histori\u0105 miasta i okolic. W Piasecznie i okolicach mieszkali m.in.: Wanda D\u0105browska, Maria D\u0105browska, Aleksander Kami\u0144ski, Wac\u0142aw Radwan, Wac\u0142aw Borowy i wielu innych. Za\u0142o\u017cony cel chcemy osi\u0105gn\u0105\u0107 poprzez zaanga\u017cowanie wolontariuszy wywodz\u0105cych si\u0119 z lokalnej spo\u0142eczno\u015bci (przede wszystkim m\u0142odzie\u017cy) w szukanie i zbieranie informacji oraz osobistych wspomnie\u0144 mieszka\u0144c\u00f3w o miejscach zwi\u0105zanych z literatur\u0105. Uczestnicy programu b\u0119d\u0105 mogli odkry\u0107 interesuj\u0105ce miejsca w swoim otoczeniu i zaprezentowa\u0107 je wsp\u00f3\u0142mieszka\u0144com. W trakcie pracy b\u0119d\u0105 znajdowa\u0107 si\u0119 pod merytoryczn\u0105 opiek\u0105 profesjonalist\u00f3w zdobywaj\u0105c umiej\u0119tno\u015bci redagowania i ilustrowania materia\u0142\u00f3w faktograficznych. S\u0142u\u017cy\u0107 temu b\u0119dzie cykl bezp\u0142atnych warsztat\u00f3w literacko-graficznych w okresie od kwietnia do czerwca.<br \/>\nZredagowane teksty i fotografie pos\u0142u\u017c\u0105 do stworzenia i wydania ilustrowanej mapy literackiej Piaseczna. Prezentacja mapy odb\u0119dzie si\u0119 podczas \u015awi\u0119ta Biblioteki \u2013 Festiwalu Pi\u0119knej Ksi\u0105\u017cki na Rynku Piaseczy\u0144skim (17 wrze\u015bnia 2016), gdzie b\u0119dzie rozdawana mieszka\u0144com. Teksty, zdj\u0119cia oraz ilustracje powsta\u0142e w trakcie warsztat\u00f3w b\u0119d\u0105 r\u00f3wnocze\u015bnie prezentowane na wystawie plenerowej. Na Festiwalu zaprezentuje si\u0119 ok. 20 wydawc\u00f3w z kraju i zagranicy oferuj\u0105cych ksi\u0105\u017cki wyr\u00f3\u017cniaj\u0105ce si\u0119 estetyk\u0105. Spo\u0142eczno\u015b\u0107 piaseczy\u0144ska b\u0119dzie mia\u0142a mo\u017cliwo\u015b\u0107 zapoznania si\u0119 z literatur\u0105 dla dzieci i doros\u0142ych w wyj\u0105tkowych, pi\u0119knych wydaniach.<\/p>\n","protected":false},"excerpt":{"rendered":"<p>Literacka mapa Piaseczna\u201d to projekt realizowany przez Fundacj\u0119 ARKA im. J\u00f3zefa Wilkonia oraz Bibliotek\u0119 Publiczn\u0105 Miasta i Gminy Piaseczno dofinansowany [&hellip;]<\/p>\n","protected":false},"author":1,"featured_media":142,"parent":0,"menu_order":0,"comment_status":"closed","ping_status":"closed","template":"","meta":[],"yoast_head":"<!-- This site is optimized with the Yoast SEO plugin v19.4 - https:\/\/yoast.com\/wordpress\/plugins\/seo\/ -->\n<title>Literacka Mapa Piaseczna - Fundacja \u201eArka\u201d im. J\u00f3zefa Wilkonia<\/title>\n<meta name=\"robots\" content=\"index, follow, max-snippet:-1, max-image-preview:large, max-video-preview:-1\" \/>\n<link rel=\"canonical\" href=\"https:\/\/fundacjawilkonia.pl\/index.php\/literacka-mapa-piaseczna\/\" \/>\n<meta property=\"og:locale\" content=\"pl_PL\" \/>\n<meta property=\"og:type\" content=\"article\" \/>\n<meta property=\"og:title\" content=\"Literacka Mapa Piaseczna - Fundacja \u201eArka\u201d im. J\u00f3zefa Wilkonia\" \/>\n<meta property=\"og:description\" content=\"Literacka mapa Piaseczna\u201d to projekt realizowany przez Fundacj\u0119 ARKA im. J\u00f3zefa Wilkonia oraz Bibliotek\u0119 Publiczn\u0105 Miasta i Gminy Piaseczno dofinansowany [&hellip;]\" \/>\n<meta property=\"og:url\" content=\"https:\/\/fundacjawilkonia.pl\/index.php\/literacka-mapa-piaseczna\/\" \/>\n<meta property=\"og:site_name\" content=\"Fundacja \u201eArka\u201d im. J\u00f3zefa Wilkonia\" \/>\n<meta property=\"article:publisher\" content=\"https:\/\/www.facebook.com\/Fundacja-Wilkonia-221788084540934\/\" \/>\n<meta property=\"article:modified_time\" content=\"2017-02-11T12:58:23+00:00\" \/>\n<meta property=\"og:image\" content=\"https:\/\/i2.wp.com\/fundacjawilkonia.pl\/wp-content\/uploads\/2016\/09\/Festiwal-Piaseczno-Ludzie-Ksi\u0105zki-17.09-foto-Arch-Fundacji-ARKA-foto-A.Kiljanekzm1zmni.jpg?fit=1624%2C824&ssl=1\" \/>\n\t<meta property=\"og:image:width\" content=\"1624\" \/>\n\t<meta property=\"og:image:height\" content=\"824\" \/>\n\t<meta property=\"og:image:type\" content=\"image\/jpeg\" \/>\n<meta name=\"twitter:card\" content=\"summary_large_image\" \/>\n<meta name=\"twitter:site\" content=\"@fundacjawilkoni\" \/>\n<meta name=\"twitter:label1\" content=\"Szacowany czas czytania\" \/>\n\t<meta name=\"twitter:data1\" content=\"1 minuta\" \/>\n<script type=\"application\/ld+json\" class=\"yoast-schema-graph\">{\"@context\":\"https:\/\/schema.org\",\"@graph\":[{\"@type\":\"Organization\",\"@id\":\"https:\/\/fundacjawilkonia.pl\/#organization\",\"name\":\"Fundacja \\\"Arka\\\" im. J\u00f3zefa Wilkonia\",\"url\":\"https:\/\/fundacjawilkonia.pl\/\",\"sameAs\":[\"https:\/\/www.instagram.com\/fundacjawilkonia\/?hl=pl\",\"https:\/\/www.facebook.com\/Fundacja-Wilkonia-221788084540934\/\",\"https:\/\/twitter.com\/fundacjawilkoni\"],\"logo\":{\"@type\":\"ImageObject\",\"inLanguage\":\"pl-PL\",\"@id\":\"https:\/\/fundacjawilkonia.pl\/#\/schema\/logo\/image\/\",\"url\":\"https:\/\/i2.wp.com\/fundacjawilkonia.pl\/wp-content\/uploads\/2016\/09\/10987396_771520442901026_1174624827528049836_n.png?fit=790%2C593&ssl=1\",\"contentUrl\":\"https:\/\/i2.wp.com\/fundacjawilkonia.pl\/wp-content\/uploads\/2016\/09\/10987396_771520442901026_1174624827528049836_n.png?fit=790%2C593&ssl=1\",\"width\":790,\"height\":593,\"caption\":\"Fundacja \\\"Arka\\\" im. J\u00f3zefa Wilkonia\"},\"image\":{\"@id\":\"https:\/\/fundacjawilkonia.pl\/#\/schema\/logo\/image\/\"}},{\"@type\":\"WebSite\",\"@id\":\"https:\/\/fundacjawilkonia.pl\/#website\",\"url\":\"https:\/\/fundacjawilkonia.pl\/\",\"name\":\"Fundacja \u201eArka\u201d im. J\u00f3zefa Wilkonia\",\"description\":\"G\u0142\u00f3wnym celem fundacji jest ochrona i promocja dorobku artystycznego J\u00f3zefa Wilkonia i og\u00f3lnych warto\u015bci zwi\u0105zanych ze sztukami pi\u0119knymi, a w szczeg\u00f3lno\u015bci ilustratorstwem i sztuk\u0105 edytorsk\u0105.\",\"publisher\":{\"@id\":\"https:\/\/fundacjawilkonia.pl\/#organization\"},\"potentialAction\":[{\"@type\":\"SearchAction\",\"target\":{\"@type\":\"EntryPoint\",\"urlTemplate\":\"https:\/\/fundacjawilkonia.pl\/?s={search_term_string}\"},\"query-input\":\"required name=search_term_string\"}],\"inLanguage\":\"pl-PL\"},{\"@type\":\"WebPage\",\"@id\":\"https:\/\/fundacjawilkonia.pl\/index.php\/literacka-mapa-piaseczna\/\",\"url\":\"https:\/\/fundacjawilkonia.pl\/index.php\/literacka-mapa-piaseczna\/\",\"name\":\"Literacka Mapa Piaseczna - Fundacja \u201eArka\u201d im. J\u00f3zefa Wilkonia\",\"isPartOf\":{\"@id\":\"https:\/\/fundacjawilkonia.pl\/#website\"},\"datePublished\":\"2016-09-08T19:36:44+00:00\",\"dateModified\":\"2017-02-11T12:58:23+00:00\",\"breadcrumb\":{\"@id\":\"https:\/\/fundacjawilkonia.pl\/index.php\/literacka-mapa-piaseczna\/#breadcrumb\"},\"inLanguage\":\"pl-PL\",\"potentialAction\":[{\"@type\":\"ReadAction\",\"target\":[\"https:\/\/fundacjawilkonia.pl\/index.php\/literacka-mapa-piaseczna\/\"]}]},{\"@type\":\"BreadcrumbList\",\"@id\":\"https:\/\/fundacjawilkonia.pl\/index.php\/literacka-mapa-piaseczna\/#breadcrumb\",\"itemListElement\":[{\"@type\":\"ListItem\",\"position\":1,\"name\":\"Strona g\u0142\u00f3wna\",\"item\":\"https:\/\/fundacjawilkonia.pl\/\"},{\"@type\":\"ListItem\",\"position\":2,\"name\":\"Literacka Mapa Piaseczna\"}]}]}<\/script>\n<!-- \/ Yoast SEO plugin. -->","yoast_head_json":{"title":"Literacka Mapa Piaseczna - Fundacja \u201eArka\u201d im. J\u00f3zefa Wilkonia","robots":{"index":"index","follow":"follow","max-snippet":"max-snippet:-1","max-image-preview":"max-image-preview:large","max-video-preview":"max-video-preview:-1"},"canonical":"https:\/\/fundacjawilkonia.pl\/index.php\/literacka-mapa-piaseczna\/","og_locale":"pl_PL","og_type":"article","og_title":"Literacka Mapa Piaseczna - Fundacja \u201eArka\u201d im. J\u00f3zefa Wilkonia","og_description":"Literacka mapa Piaseczna\u201d to projekt realizowany przez Fundacj\u0119 ARKA im. J\u00f3zefa Wilkonia oraz Bibliotek\u0119 Publiczn\u0105 Miasta i Gminy Piaseczno dofinansowany [&hellip;]","og_url":"https:\/\/fundacjawilkonia.pl\/index.php\/literacka-mapa-piaseczna\/","og_site_name":"Fundacja \u201eArka\u201d im. J\u00f3zefa Wilkonia","article_publisher":"https:\/\/www.facebook.com\/Fundacja-Wilkonia-221788084540934\/","article_modified_time":"2017-02-11T12:58:23+00:00","og_image":[{"width":1624,"height":824,"url":"https:\/\/i2.wp.com\/fundacjawilkonia.pl\/wp-content\/uploads\/2016\/09\/Festiwal-Piaseczno-Ludzie-Ksi\u0105zki-17.09-foto-Arch-Fundacji-ARKA-foto-A.Kiljanekzm1zmni.jpg?fit=1624%2C824&ssl=1","type":"image\/jpeg"}],"twitter_card":"summary_large_image","twitter_site":"@fundacjawilkoni","twitter_misc":{"Szacowany czas czytania":"1 minuta"},"schema":{"@context":"https:\/\/schema.org","@graph":[{"@type":"Organization","@id":"https:\/\/fundacjawilkonia.pl\/#organization","name":"Fundacja \"Arka\" im. J\u00f3zefa Wilkonia","url":"https:\/\/fundacjawilkonia.pl\/","sameAs":["https:\/\/www.instagram.com\/fundacjawilkonia\/?hl=pl","https:\/\/www.facebook.com\/Fundacja-Wilkonia-221788084540934\/","https:\/\/twitter.com\/fundacjawilkoni"],"logo":{"@type":"ImageObject","inLanguage":"pl-PL","@id":"https:\/\/fundacjawilkonia.pl\/#\/schema\/logo\/image\/","url":"https:\/\/i2.wp.com\/fundacjawilkonia.pl\/wp-content\/uploads\/2016\/09\/10987396_771520442901026_1174624827528049836_n.png?fit=790%2C593&ssl=1","contentUrl":"https:\/\/i2.wp.com\/fundacjawilkonia.pl\/wp-content\/uploads\/2016\/09\/10987396_771520442901026_1174624827528049836_n.png?fit=790%2C593&ssl=1","width":790,"height":593,"caption":"Fundacja \"Arka\" im. J\u00f3zefa Wilkonia"},"image":{"@id":"https:\/\/fundacjawilkonia.pl\/#\/schema\/logo\/image\/"}},{"@type":"WebSite","@id":"https:\/\/fundacjawilkonia.pl\/#website","url":"https:\/\/fundacjawilkonia.pl\/","name":"Fundacja \u201eArka\u201d im. J\u00f3zefa Wilkonia","description":"G\u0142\u00f3wnym celem fundacji jest ochrona i promocja dorobku artystycznego J\u00f3zefa Wilkonia i og\u00f3lnych warto\u015bci zwi\u0105zanych ze sztukami pi\u0119knymi, a w szczeg\u00f3lno\u015bci ilustratorstwem i sztuk\u0105 edytorsk\u0105.","publisher":{"@id":"https:\/\/fundacjawilkonia.pl\/#organization"},"potentialAction":[{"@type":"SearchAction","target":{"@type":"EntryPoint","urlTemplate":"https:\/\/fundacjawilkonia.pl\/?s={search_term_string}"},"query-input":"required name=search_term_string"}],"inLanguage":"pl-PL"},{"@type":"WebPage","@id":"https:\/\/fundacjawilkonia.pl\/index.php\/literacka-mapa-piaseczna\/","url":"https:\/\/fundacjawilkonia.pl\/index.php\/literacka-mapa-piaseczna\/","name":"Literacka Mapa Piaseczna - Fundacja \u201eArka\u201d im. J\u00f3zefa Wilkonia","isPartOf":{"@id":"https:\/\/fundacjawilkonia.pl\/#website"},"datePublished":"2016-09-08T19:36:44+00:00","dateModified":"2017-02-11T12:58:23+00:00","breadcrumb":{"@id":"https:\/\/fundacjawilkonia.pl\/index.php\/literacka-mapa-piaseczna\/#breadcrumb"},"inLanguage":"pl-PL","potentialAction":[{"@type":"ReadAction","target":["https:\/\/fundacjawilkonia.pl\/index.php\/literacka-mapa-piaseczna\/"]}]},{"@type":"BreadcrumbList","@id":"https:\/\/fundacjawilkonia.pl\/index.php\/literacka-mapa-piaseczna\/#breadcrumb","itemListElement":[{"@type":"ListItem","position":1,"name":"Strona g\u0142\u00f3wna","item":"https:\/\/fundacjawilkonia.pl\/"},{"@type":"ListItem","position":2,"name":"Literacka Mapa Piaseczna"}]}]}},"_links":{"self":[{"href":"https:\/\/fundacjawilkonia.pl\/index.php\/wp-json\/wp\/v2\/pages\/134"}],"collection":[{"href":"https:\/\/fundacjawilkonia.pl\/index.php\/wp-json\/wp\/v2\/pages"}],"about":[{"href":"https:\/\/fundacjawilkonia.pl\/index.php\/wp-json\/wp\/v2\/types\/page"}],"author":[{"embeddable":true,"href":"https:\/\/fundacjawilkonia.pl\/index.php\/wp-json\/wp\/v2\/users\/1"}],"replies":[{"embeddable":true,"href":"https:\/\/fundacjawilkonia.pl\/index.php\/wp-json\/wp\/v2\/comments?post=134"}],"version-history":[{"count":0,"href":"https:\/\/fundacjawilkonia.pl\/index.php\/wp-json\/wp\/v2\/pages\/134\/revisions"}],"wp:featuredmedia":[{"embeddable":true,"href":"https:\/\/fundacjawilkonia.pl\/index.php\/wp-json\/wp\/v2\/media\/142"}],"wp:attachment":[{"href":"https:\/\/fundacjawilkonia.pl\/index.php\/wp-json\/wp\/v2\/media?parent=134"}],"curies":[{"name":"wp","href":"https:\/\/api.w.org\/{rel}","templated":true}]}}